{"id":20,"date":"2018-11-13T16:22:14","date_gmt":"2018-11-13T16:22:14","guid":{"rendered":"https:\/\/madafrica.es\/ataya\/?page_id=20"},"modified":"2018-11-13T16:26:30","modified_gmt":"2018-11-13T16:26:30","slug":"proceso","status":"publish","type":"page","link":"https:\/\/madafrica.es\/ataya\/proceso\/","title":{"rendered":"Proceso"},"content":{"rendered":"\n<figure class=\"wp-block-image\"><img loading=\"lazy\" decoding=\"async\" width=\"1620\" height=\"633\" src=\"https:\/\/madafrica.es\/ataya\/wp-content\/uploads\/sites\/2\/2018\/11\/red-ataya-proceso.jpg\" alt=\"\" class=\"wp-image-29\" srcset=\"https:\/\/madafrica.es\/ataya\/wp-content\/uploads\/sites\/2\/2018\/11\/red-ataya-proceso.jpg 1620w, https:\/\/madafrica.es\/ataya\/wp-content\/uploads\/sites\/2\/2018\/11\/red-ataya-proceso-300x117.jpg 300w, https:\/\/madafrica.es\/ataya\/wp-content\/uploads\/sites\/2\/2018\/11\/red-ataya-proceso-768x300.jpg 768w, https:\/\/madafrica.es\/ataya\/wp-content\/uploads\/sites\/2\/2018\/11\/red-ataya-proceso-1024x400.jpg 1024w\" sizes=\"auto, (max-width: 1620px) 100vw, 1620px\" \/><\/figure>\n\n\n\n<p>MAD\n \u00c1frica, como promotora del proyecto, se encarga de facilitar el proceso\n a trav\u00e9s de la creaci\u00f3n de espacios de comunicaci\u00f3n y encuentro, la \nsistematizaci\u00f3n de las propuestas de formaci\u00f3n, la creaci\u00f3n de un \nespacio de difusi\u00f3n espec\u00edfico en la web, el contacto con las \norganizaciones del Sur participantes, el apoyo log\u00edstico a las \nformaciones (transporte, alojamiento, visados en caso de ponentes de \nfuera, etc.), as\u00ed como la parte de justificaci\u00f3n t\u00e9cnica y econ\u00f3mica.&nbsp;Todo ello, garantizando que el proyecto responde a los intereses y necesidades de las organizaciones sociales&nbsp;participantes.<\/p>\n\n\n\n<p>El proyecto est\u00e1 organizado en las siguientes fases:<\/p>\n\n\n\n<h5 class=\"wp-block-heading\">1) Enred\u00e1ndonos: fase de preparaci\u00f3n<\/h5>\n\n\n\n<p>Durante esta fase son realizadas \nreuniones con las distintas organizaciones (individualmente y en \nconjunto) para la puesta en com\u00fan de las visiones, posicionamientos y \nnecesidades formativas y la elaboraci\u00f3n de los planes de formaci\u00f3n lo \nm\u00e1s sin\u00e9rgicos posibles.<\/p>\n\n\n\n<p>El trabajo empieza con una encuesta \ncontestada por personas participantes de cada organizaci\u00f3n para el \nreconocimiento de sus necesidades de formaci\u00f3n a nivel individual, pero \ntambi\u00e9n valorando necesidades de su colectivo y de la sociedad de manera\n general. La idea es que se pudiera aportar, no solamente en los temas \nen los cuales su colectivo es especialista, sino tambi\u00e9n en tem\u00e1ticas \nque no se maneja tanto, dejando espacio para conocer el inter\u00e9s por \nformarse en alguna otra que resultase \u00fatil o atractiva.<\/p>\n\n\n\n<p>A partir del reconocimiento de nuestras necesidades y de las tem\u00e1ticas que nos interesar\u00eda profundizar, de manera colectiva se da inicio al dise\u00f1o de un ciclo formativo com\u00fan. Se establece la programaci\u00f3n de las formaciones, contando con los recursos previstos para cada uno de los cuatro bloques y el apoyo de las organizaciones participantes y de MAD \u00c1frica en particular.<\/p>\n\n\n\n<p><strong>Cada bloque formativo:<\/strong><\/p>\n\n\n\n<ul class=\"wp-block-list\"><li>Estar\u00e1 coordinado por una o varias organizaciones (expertas en cada uno de los&nbsp;temas);<\/li><li>Tendr\u00e1 formaciones te\u00f3rico y\/o pr\u00e1cticas adaptadas a las necesidades\n de los colectivos expertos, buscando siempre atender a la vez a las \nnecesidades del grupo general;<\/li><li>Contar\u00e1 con la participaci\u00f3n de, al menos, una organizaci\u00f3n del sur,\n con el objetivo de compartir luchas africanas que no se conocen y de \ncrear y fortalecer redes de trabajo e incidencia norte-sur;<\/li><li>Tendr\u00e1 12 horas en total de formaci\u00f3n (16 horas el bloque 1), siendo\n 2 horas dedicadas a formaciones del sur (4 horas el bloque 1);<\/li><li>Contar\u00e1 con un presupuesto aut\u00f3nomo para desarrollarlo;<\/li><li>Estar\u00e1 abierto a la participaci\u00f3n en general de todas aquellas personas interesadas.<\/li><\/ul>\n\n\n\n<h5 class=\"wp-block-heading\">2) Form\u00e1ndonos: fase de formaci\u00f3n<\/h5>\n\n\n\n<p>El\n periodo temporal para la formaci\u00f3n ser\u00e1 de junio de 2017 a enero de \n2018, siendo flexibles para adaptarnos todo lo posible a los calendarios\n de las organizaciones, con el objetivo de no duplicar espacios ni crear\n espacios artificiales.<\/p>\n\n\n\n<p>La programaci\u00f3n de contenidos y fechas se publicar\u00e1n&nbsp;<a href=\"https:\/\/madafrica.es\/ataya\/events\/\" target=\"_blank\" rel=\"noreferrer noopener\"><strong>aqu\u00ed<\/strong><\/a>\n para que las diferentes organizaciones participen. Aunque las formaci\u00f3n\n son especialmente planteadas a las personas vinculadas a cada \norganizaci\u00f3n participante, ser\u00e1n abiertas a toda la ciudadan\u00eda \ninteresada.<\/p>\n\n\n\n<p>Este son los temas de formaci\u00f3n elegidos y una propuesta de calendario, previsto para empezar en septiembre:<\/p>\n\n\n\n<div class=\"wp-block-image\"><figure class=\"aligncenter\"><a href=\"https:\/\/madafrica.es\/ataya\/wp-content\/uploads\/sites\/2\/2018\/11\/actividades-ataya-web.jpg\"><img loading=\"lazy\" decoding=\"async\" width=\"1169\" height=\"827\" src=\"https:\/\/madafrica.es\/ataya\/wp-content\/uploads\/sites\/2\/2018\/11\/actividades-ataya-web.jpg\" alt=\"\" class=\"wp-image-23\" srcset=\"https:\/\/madafrica.es\/ataya\/wp-content\/uploads\/sites\/2\/2018\/11\/actividades-ataya-web.jpg 1169w, https:\/\/madafrica.es\/ataya\/wp-content\/uploads\/sites\/2\/2018\/11\/actividades-ataya-web-300x212.jpg 300w, https:\/\/madafrica.es\/ataya\/wp-content\/uploads\/sites\/2\/2018\/11\/actividades-ataya-web-768x543.jpg 768w, https:\/\/madafrica.es\/ataya\/wp-content\/uploads\/sites\/2\/2018\/11\/actividades-ataya-web-1024x724.jpg 1024w\" sizes=\"auto, (max-width: 1169px) 100vw, 1169px\" \/><\/a><\/figure><\/div>\n\n\n\n<div style=\"height:40px\" aria-hidden=\"true\" class=\"wp-block-spacer\"><\/div>\n\n\n\n<h5 class=\"wp-block-heading\">3) Fase de evaluaci\u00f3n y posicionamiento pol\u00edtico com\u00fan<\/h5>\n\n\n\n<p>Cuando\n termine la fase de formaci\u00f3n, se realizar\u00e1 una actividad para evaluar \nel proceso formativo con el objetivo de conocer los avances en la \nadquisici\u00f3n de conocimientos por parte de las personas participantes y \ntambi\u00e9n su grado de satisfacci\u00f3n y cumplimiento con las necesidades de \ncada organizaci\u00f3n. La idea es tambi\u00e9n evaluar la posibilidad de proponer\n acciones futuras de cara a la continuidad de la Red Ataya m\u00e1s all\u00e1 del \nproyecto de Mad \u00c1frica (una posible creaci\u00f3n de una \u201cEscuela de \nMovimientos Sociales\u201d).<\/p>\n\n\n\n<p>Asimismo, pensamos que el fortalecimiento colectivo y el trabajo en \nred propuesto por este proyecto crear\u00e1n las bases para un renovado poder\n popular que pueda ser revertido en un posicionamiento pol\u00edtico com\u00fan \nentre todas las organizaciones participantes. De esta manera \ntranscenderemos el programa formativo para generar un proceso de \nintercambio de posicionamientos, enriqueciendo los propios proyectos de \ncada una y provocando que cada colectivo pueda revertir posteriormente \nen su organizaci\u00f3n cuestionamientos m\u00e1s amplios. Esto, adem\u00e1s, se \nplantea no solo con las organizaciones del Norte sino que el proyecto \npretende incorporar los testimonios y posicionamientos de las \norganizaciones del Sur, ampliando la diversidad.<\/p>\n","protected":false},"excerpt":{"rendered":"<p>MAD \u00c1frica, como promotora del proyecto, se encarga de facilitar el proceso a trav\u00e9s de la creaci\u00f3n de espacios de comunicaci\u00f3n y encuentro, la sistematizaci\u00f3n de las propuestas de formaci\u00f3n, la creaci\u00f3n de un espacio de difusi\u00f3n espec\u00edfico en la web, el contacto con las organizaciones del Sur participantes, el apoyo log\u00edstico a las formaciones [&hellip;]<\/p>\n","protected":false},"author":1,"featured_media":0,"parent":0,"menu_order":0,"comment_status":"closed","ping_status":"closed","template":"","meta":{"footnotes":""},"class_list":["post-20","page","type-page","status-publish","hentry"],"yoast_head":"<!-- This site is optimized with the Yoast SEO plugin v26.1.1 - https:\/\/yoast.com\/wordpress\/plugins\/seo\/ -->\n<title>Proceso - Ataya<\/title>\n<meta name=\"robots\" content=\"index, follow, max-snippet:-1, max-image-preview:large, max-video-preview:-1\" \/>\n<link rel=\"canonical\" href=\"https:\/\/madafrica.es\/ataya\/proceso\/\" \/>\n<meta property=\"og:locale\" content=\"es_ES\" \/>\n<meta property=\"og:type\" content=\"article\" \/>\n<meta property=\"og:title\" content=\"Proceso - Ataya\" \/>\n<meta property=\"og:description\" content=\"MAD \u00c1frica, como promotora del proyecto, se encarga de facilitar el proceso a trav\u00e9s de la creaci\u00f3n de espacios de comunicaci\u00f3n y encuentro, la sistematizaci\u00f3n de las propuestas de formaci\u00f3n, la creaci\u00f3n de un espacio de difusi\u00f3n espec\u00edfico en la web, el contacto con las organizaciones del Sur participantes, el apoyo log\u00edstico a las formaciones [&hellip;]\" \/>\n<meta property=\"og:url\" content=\"https:\/\/madafrica.es\/ataya\/proceso\/\" \/>\n<meta property=\"og:site_name\" content=\"Ataya\" \/>\n<meta property=\"article:modified_time\" content=\"2018-11-13T16:26:30+00:00\" \/>\n<meta property=\"og:image\" content=\"https:\/\/madafrica.es\/ataya\/wp-content\/uploads\/sites\/2\/2018\/11\/red-ataya-proceso.jpg\" \/>\n<meta name=\"twitter:card\" content=\"summary_large_image\" \/>\n<meta name=\"twitter:label1\" content=\"Tiempo de lectura\" \/>\n\t<meta name=\"twitter:data1\" content=\"4 minutos\" \/>\n<script type=\"application\/ld+json\" class=\"yoast-schema-graph\">{\"@context\":\"https:\/\/schema.org\",\"@graph\":[{\"@type\":\"WebPage\",\"@id\":\"https:\/\/madafrica.es\/ataya\/proceso\/\",\"url\":\"https:\/\/madafrica.es\/ataya\/proceso\/\",\"name\":\"Proceso - Ataya\",\"isPartOf\":{\"@id\":\"https:\/\/madafrica.es\/ataya\/#website\"},\"primaryImageOfPage\":{\"@id\":\"https:\/\/madafrica.es\/ataya\/proceso\/#primaryimage\"},\"image\":{\"@id\":\"https:\/\/madafrica.es\/ataya\/proceso\/#primaryimage\"},\"thumbnailUrl\":\"https:\/\/madafrica.es\/ataya\/wp-content\/uploads\/sites\/2\/2018\/11\/red-ataya-proceso.jpg\",\"datePublished\":\"2018-11-13T16:22:14+00:00\",\"dateModified\":\"2018-11-13T16:26:30+00:00\",\"breadcrumb\":{\"@id\":\"https:\/\/madafrica.es\/ataya\/proceso\/#breadcrumb\"},\"inLanguage\":\"es\",\"potentialAction\":[{\"@type\":\"ReadAction\",\"target\":[\"https:\/\/madafrica.es\/ataya\/proceso\/\"]}]},{\"@type\":\"ImageObject\",\"inLanguage\":\"es\",\"@id\":\"https:\/\/madafrica.es\/ataya\/proceso\/#primaryimage\",\"url\":\"https:\/\/madafrica.es\/ataya\/wp-content\/uploads\/sites\/2\/2018\/11\/red-ataya-proceso.jpg\",\"contentUrl\":\"https:\/\/madafrica.es\/ataya\/wp-content\/uploads\/sites\/2\/2018\/11\/red-ataya-proceso.jpg\"},{\"@type\":\"BreadcrumbList\",\"@id\":\"https:\/\/madafrica.es\/ataya\/proceso\/#breadcrumb\",\"itemListElement\":[{\"@type\":\"ListItem\",\"position\":1,\"name\":\"Portada\",\"item\":\"https:\/\/madafrica.es\/ataya\/\"},{\"@type\":\"ListItem\",\"position\":2,\"name\":\"Proceso\"}]},{\"@type\":\"WebSite\",\"@id\":\"https:\/\/madafrica.es\/ataya\/#website\",\"url\":\"https:\/\/madafrica.es\/ataya\/\",\"name\":\"Ataya\",\"description\":\"Enred\u00e1ndonos, form\u00e1ndonos.\",\"potentialAction\":[{\"@type\":\"SearchAction\",\"target\":{\"@type\":\"EntryPoint\",\"urlTemplate\":\"https:\/\/madafrica.es\/ataya\/?s={search_term_string}\"},\"query-input\":{\"@type\":\"PropertyValueSpecification\",\"valueRequired\":true,\"valueName\":\"search_term_string\"}}],\"inLanguage\":\"es\"}]}<\/script>\n<!-- \/ Yoast SEO plugin. -->","yoast_head_json":{"title":"Proceso - Ataya","robots":{"index":"index","follow":"follow","max-snippet":"max-snippet:-1","max-image-preview":"max-image-preview:large","max-video-preview":"max-video-preview:-1"},"canonical":"https:\/\/madafrica.es\/ataya\/proceso\/","og_locale":"es_ES","og_type":"article","og_title":"Proceso - Ataya","og_description":"MAD \u00c1frica, como promotora del proyecto, se encarga de facilitar el proceso a trav\u00e9s de la creaci\u00f3n de espacios de comunicaci\u00f3n y encuentro, la sistematizaci\u00f3n de las propuestas de formaci\u00f3n, la creaci\u00f3n de un espacio de difusi\u00f3n espec\u00edfico en la web, el contacto con las organizaciones del Sur participantes, el apoyo log\u00edstico a las formaciones [&hellip;]","og_url":"https:\/\/madafrica.es\/ataya\/proceso\/","og_site_name":"Ataya","article_modified_time":"2018-11-13T16:26:30+00:00","og_image":[{"url":"https:\/\/madafrica.es\/ataya\/wp-content\/uploads\/sites\/2\/2018\/11\/red-ataya-proceso.jpg","type":"","width":"","height":""}],"twitter_card":"summary_large_image","twitter_misc":{"Tiempo de lectura":"4 minutos"},"schema":{"@context":"https:\/\/schema.org","@graph":[{"@type":"WebPage","@id":"https:\/\/madafrica.es\/ataya\/proceso\/","url":"https:\/\/madafrica.es\/ataya\/proceso\/","name":"Proceso - Ataya","isPartOf":{"@id":"https:\/\/madafrica.es\/ataya\/#website"},"primaryImageOfPage":{"@id":"https:\/\/madafrica.es\/ataya\/proceso\/#primaryimage"},"image":{"@id":"https:\/\/madafrica.es\/ataya\/proceso\/#primaryimage"},"thumbnailUrl":"https:\/\/madafrica.es\/ataya\/wp-content\/uploads\/sites\/2\/2018\/11\/red-ataya-proceso.jpg","datePublished":"2018-11-13T16:22:14+00:00","dateModified":"2018-11-13T16:26:30+00:00","breadcrumb":{"@id":"https:\/\/madafrica.es\/ataya\/proceso\/#breadcrumb"},"inLanguage":"es","potentialAction":[{"@type":"ReadAction","target":["https:\/\/madafrica.es\/ataya\/proceso\/"]}]},{"@type":"ImageObject","inLanguage":"es","@id":"https:\/\/madafrica.es\/ataya\/proceso\/#primaryimage","url":"https:\/\/madafrica.es\/ataya\/wp-content\/uploads\/sites\/2\/2018\/11\/red-ataya-proceso.jpg","contentUrl":"https:\/\/madafrica.es\/ataya\/wp-content\/uploads\/sites\/2\/2018\/11\/red-ataya-proceso.jpg"},{"@type":"BreadcrumbList","@id":"https:\/\/madafrica.es\/ataya\/proceso\/#breadcrumb","itemListElement":[{"@type":"ListItem","position":1,"name":"Portada","item":"https:\/\/madafrica.es\/ataya\/"},{"@type":"ListItem","position":2,"name":"Proceso"}]},{"@type":"WebSite","@id":"https:\/\/madafrica.es\/ataya\/#website","url":"https:\/\/madafrica.es\/ataya\/","name":"Ataya","description":"Enred\u00e1ndonos, form\u00e1ndonos.","potentialAction":[{"@type":"SearchAction","target":{"@type":"EntryPoint","urlTemplate":"https:\/\/madafrica.es\/ataya\/?s={search_term_string}"},"query-input":{"@type":"PropertyValueSpecification","valueRequired":true,"valueName":"search_term_string"}}],"inLanguage":"es"}]}},"featured_image_src":null,"featured_image_src_square":null,"_links":{"self":[{"href":"https:\/\/madafrica.es\/ataya\/wp-json\/wp\/v2\/pages\/20","targetHints":{"allow":["GET"]}}],"collection":[{"href":"https:\/\/madafrica.es\/ataya\/wp-json\/wp\/v2\/pages"}],"about":[{"href":"https:\/\/madafrica.es\/ataya\/wp-json\/wp\/v2\/types\/page"}],"author":[{"embeddable":true,"href":"https:\/\/madafrica.es\/ataya\/wp-json\/wp\/v2\/users\/1"}],"replies":[{"embeddable":true,"href":"https:\/\/madafrica.es\/ataya\/wp-json\/wp\/v2\/comments?post=20"}],"version-history":[{"count":7,"href":"https:\/\/madafrica.es\/ataya\/wp-json\/wp\/v2\/pages\/20\/revisions"}],"predecessor-version":[{"id":30,"href":"https:\/\/madafrica.es\/ataya\/wp-json\/wp\/v2\/pages\/20\/revisions\/30"}],"wp:attachment":[{"href":"https:\/\/madafrica.es\/ataya\/wp-json\/wp\/v2\/media?parent=20"}],"curies":[{"name":"wp","href":"https:\/\/api.w.org\/{rel}","templated":true}]}}