{"id":7098,"date":"2019-06-19T11:53:38","date_gmt":"2019-06-19T11:53:38","guid":{"rendered":"https:\/\/madafrica.es\/kaayuniversidad\/?page_id=7098"},"modified":"2020-05-25T13:38:53","modified_gmt":"2020-05-25T13:38:53","slug":"publicaciones","status":"publish","type":"page","link":"https:\/\/madafrica.es\/kaayuniversidad\/publicaciones\/","title":{"rendered":"Publicaciones"},"content":{"rendered":"\n<p>Uno de los objetivos del Proyecto Kaay Universidad es promover entre el  alumnado universitario procesos de revalorizaci\u00f3n de la diversidad de  saberes y conocimientos del norte y del sur a partir de redes de  intercambio entre universidades y movimientos sociales africanos y  andaluces.  <\/p>\n\n\n\n<p>En este apartado se puede consultar todas las publicaciones propias elaboradas dentro del marco del Proyecto.<\/p>\n\n\n\n<h3 class=\"wp-block-heading\">Investigaciones de estudiantes participantes:<\/h3>\n\n\n\n<p><strong><a rel=\"noreferrer noopener\" href=\"https:\/\/madafrica.es\/kaayuniversidad\/wp-content\/uploads\/sites\/5\/2019\/04\/Art%C3%ADculo_Alicia_ES.pdf\" target=\"_blank\">(De) Construyendo imaginarios: La percepci\u00f3n de la persona migrante retornada en la sociedad senegalesa<\/a>, <em>Alicia Calvo Hidalgo<\/em><\/strong> <\/p>\n\n\n\n<p><strong><a rel=\"noreferrer noopener\" href=\"https:\/\/madafrica.es\/kaayuniversidad\/wp-content\/uploads\/sites\/5\/2019\/04\/Art%C3%ADculo_Drame_FR.pdf\" target=\"_blank\">La figure du migrant dans la societe senegalaise et espagnole<\/a>, <em>Hamdiatou Drame<\/em><\/strong><\/p>\n\n\n\n<p><strong><a rel=\"noreferrer noopener\" aria-label=\"La evoluci\u00f3n del Hip Hop en Dakar, \u00bfpodemos hablar de una nueva generaci\u00f3n? (abre en una nueva pesta\u00f1a)\" href=\"https:\/\/madafrica.es\/kaayuniversidad\/wp-content\/uploads\/sites\/5\/2019\/03\/Art%C3%ADculo-propio-MAD%C3%81FRICA.pdf\" target=\"_blank\">La evoluci\u00f3n del Hip Hop en Dakar, \u00bfpodemos hablar de una nueva generaci\u00f3n?<\/a>,<\/strong><em> <strong>Jes\u00fas S\u00e1nchez Raposo<\/strong><\/em><\/p>\n\n\n\n<p><strong><a rel=\"noreferrer noopener\" aria-label=\"Les conventions internationales et la l\u00e9gislation s\u00e9n\u00e9galaise dans les processus d\u2019acquisition de la terre (abre en una nueva pesta\u00f1a)\" href=\"https:\/\/madafrica.es\/kaayuniversidad\/wp-content\/uploads\/sites\/5\/2019\/04\/ARTICLE_Conventions-internationales-et-la-l%C3%A9gislation-s%C3%A9__Abdoluaye.docx\" target=\"_blank\">Les conventions internationales et la l\u00e9gislation s\u00e9n\u00e9galaise dans les processus d\u2019acquisition de la terre<\/a>,<em> Abdoulaye Mbow<\/em><\/strong><\/p>\n\n\n\n<p><strong><a rel=\"noreferrer noopener\" aria-label=\"El modelo de ciudadan\u00eda construido en  el sistema educativo senegal\u00e9s en la etapa de educaci\u00f3n primaria a  trav\u00e9s de la asignatura de Historia: un acercamiento en el terreno (abre en una nueva pesta\u00f1a)\" href=\"https:\/\/madafrica.es\/kaayuniversidad\/wp-content\/uploads\/sites\/5\/2019\/03\/articulo-1-espa%C3%B1a.pdf\" target=\"_blank\">El modelo de ciudadan\u00eda construido en  el sistema educativo senegal\u00e9s en la etapa de educaci\u00f3n primaria a  trav\u00e9s de la asignatura de Historia: un acercamiento en el terreno<\/a>,<em> Julia Clara Garc\u00eda Ferr\u00f3n<\/em><\/strong><\/p>\n\n\n\n<p><strong><a rel=\"noreferrer noopener\" aria-label=\"Variabilit\u00e9s climatiques dans le bassin arachidier S\u00e9n\u00e9galais: migrations et r\u00e9siliences des populations (abre en una nueva pesta\u00f1a)\" href=\"https:\/\/madafrica.es\/kaayuniversidad\/wp-content\/uploads\/sites\/5\/2019\/04\/Article_Coumba__FR.pdf\" target=\"_blank\">Variabilit\u00e9s climatiques dans le bassin arachidier S\u00e9n\u00e9galais: migrations et r\u00e9siliences des populations<\/a>,<\/strong> <strong><em>Coumba Ndoffene Faye <\/em>&amp; <em>Ibrahima Faye Diouf<\/em><\/strong><\/p>\n\n\n\n<p><strong><a rel=\"noreferrer noopener\" aria-label=\"Mirando a \u00c1frica con las africanas: Una aproximaci\u00f3n a los movimientos sociales de mujeres en Senegal, (abre en una nueva pesta\u00f1a)\" href=\"https:\/\/madafrica.es\/kaayuniversidad\/wp-content\/uploads\/sites\/5\/2019\/03\/Art%C3%ADculo-autor-espa%C3%B1ol-1.pdf\" target=\"_blank\">Mirando a \u00c1frica con las africanas: Una aproximaci\u00f3n a los movimientos sociales de mujeres en Senegal,<\/a><\/strong><em><strong> Ana Isabel Quintero Pi\u00f1ero<\/strong><\/em><\/p>\n\n\n\n<p><strong><a rel=\"noreferrer noopener\" aria-label=\"Evolution du mouvement social f\u00e9minin  au S\u00e9n\u00e9gal : Les ruptures op\u00e9r\u00e9es \u00e0 partir de 2000 et les nouvelles  dynamiques au miroir des mouvements de femmes en Espagne (abre en una nueva pesta\u00f1a)\" href=\"https:\/\/madafrica.es\/kaayuniversidad\/wp-content\/uploads\/sites\/5\/2019\/03\/Art%C3%ADculo-autor-africano-1.pdf\" target=\"_blank\">Evolution du mouvement social f\u00e9minin  au S\u00e9n\u00e9gal : Les ruptures op\u00e9r\u00e9es \u00e0 partir de 2000 et les nouvelles  dynamiques au miroir des mouvements de femmes en Espagne<\/a>,<\/strong><em><strong> Ibrahima Diop<\/strong><\/em><\/p>\n\n\n\n<p><strong><a rel=\"noreferrer noopener\" aria-label=\"Causas y consecuencias de las migraciones ambientales en Senegal, (abre en una nueva pesta\u00f1a)\" href=\"https:\/\/madafrica.es\/kaayuniversidad\/wp-content\/uploads\/sites\/5\/2019\/04\/Art%C3%ADculo_Marina_ES.pdf\" target=\"_blank\">Causas y consecuencias de las migraciones ambientales en Senegal,<\/a> <\/strong><em><strong>Marina P\u00e9rez Bermejo<\/strong><\/em><\/p>\n\n\n\n<p><strong><a rel=\"noreferrer noopener\" aria-label=\"El acaparamiento de tierras en Senegal: Legislaci\u00f3n vigente y participaci\u00f3n campesina (abre en una nueva pesta\u00f1a)\" href=\"https:\/\/madafrica.es\/kaayuniversidad\/wp-content\/uploads\/sites\/5\/2019\/04\/Art%C3%ADculo_In%C3%A9s_ES.pdf\" target=\"_blank\">El acaparamiento de tierras en Senegal: Legislaci\u00f3n vigente y participaci\u00f3n campesina<\/a>,<em> In\u00e9s Satu\u00e9 Crespo<\/em><\/strong><\/p>\n\n\n\n<p><strong>Ense\u00f1anza de la migraci\u00f3n en Senegal. Una primera toma de contacto, <em>Ana Carretero G\u00f3mez<\/em><\/strong><\/p>\n\n\n\n<p><\/p>\n\n\n\n<div style=\"height:100px\" aria-hidden=\"true\" class=\"wp-block-spacer\"><\/div>\n\n\n\n<h3 class=\"wp-block-heading\">Indagaciones espec\u00edficas sobre g\u00e9nero:<\/h3>\n\n\n\n<p><strong><a href=\"https:\/\/drive.google.com\/file\/d\/1jKoZRxMWqCqxUe9gjnov1wGeQ1l39gNm\/view\" target=\"_blank\" rel=\"noreferrer noopener\">Diagn\u00f3stico Comparado: Igualdad de G\u00e9nero en las Universidades Cheikh Anta Diop (Dakar) y la Universidad de Sevilla<\/a><\/strong>, <em>Dorothea Lipper-Ringler<\/em><\/p>\n\n\n\n<p><strong><a href=\"https:\/\/madafrica.es\/noticias\/feminismos-aqui-y-alli\/\" target=\"_blank\" rel=\"noreferrer noopener\">Feminismos aqu\u00ed y all\u00ed<\/a><\/strong>, <em>Giulia Costanzo Talarico<\/em><\/p>\n\n\n\n<p><\/p>\n\n\n\n<div style=\"height:100px\" aria-hidden=\"true\" class=\"wp-block-spacer\"><\/div>\n\n\n\n<h3 class=\"wp-block-heading\">Campa\u00f1a sobre Movilidad Universitaria entre \u00c1frica y Andaluc\u00eda<\/h3>\n\n\n\n<p><strong><a href=\"https:\/\/drive.google.com\/file\/d\/1dRq5IT8_mUIaGyYfC-I-z7b7l4SmYC2T\/view\" target=\"_blank\" rel=\"noreferrer noopener\">Gu\u00eda para facilitar el acceso a intercambios universitarios entre \u00c1frica Negra y Andaluc\u00eda<\/a><\/strong>, <em>Julia C Garc\u00eda Ferr\u00f3n<\/em><\/p>\n","protected":false},"excerpt":{"rendered":"<p>Uno de los objetivos del Proyecto Kaay Universidad es promover entre el alumnado universitario procesos de revalorizaci\u00f3n de la diversidad de saberes y conocimientos del norte y del sur a partir de redes de intercambio entre universidades y movimientos sociales africanos y andaluces. En este apartado se puede consultar todas las publicaciones propias elaboradas dentro [&hellip;]<\/p>\n","protected":false},"author":6,"featured_media":0,"parent":0,"menu_order":0,"comment_status":"closed","ping_status":"closed","template":"","meta":{"footnotes":""},"class_list":["post-7098","page","type-page","status-publish","hentry"],"yoast_head":"<!-- This site is optimized with the Yoast SEO plugin v26.1.1 - https:\/\/yoast.com\/wordpress\/plugins\/seo\/ -->\n<title>Publicaciones - Kaay Universidad<\/title>\n<meta name=\"robots\" content=\"index, follow, max-snippet:-1, max-image-preview:large, max-video-preview:-1\" \/>\n<link rel=\"canonical\" href=\"https:\/\/madafrica.es\/kaayuniversidad\/publicaciones\/\" \/>\n<meta property=\"og:locale\" content=\"es_ES\" \/>\n<meta property=\"og:type\" content=\"article\" \/>\n<meta property=\"og:title\" content=\"Publicaciones - Kaay Universidad\" \/>\n<meta property=\"og:description\" content=\"Uno de los objetivos del Proyecto Kaay Universidad es promover entre el alumnado universitario procesos de revalorizaci\u00f3n de la diversidad de saberes y conocimientos del norte y del sur a partir de redes de intercambio entre universidades y movimientos sociales africanos y andaluces. En este apartado se puede consultar todas las publicaciones propias elaboradas dentro [&hellip;]\" \/>\n<meta property=\"og:url\" content=\"https:\/\/madafrica.es\/kaayuniversidad\/publicaciones\/\" \/>\n<meta property=\"og:site_name\" content=\"Kaay Universidad\" \/>\n<meta property=\"article:modified_time\" content=\"2020-05-25T13:38:53+00:00\" \/>\n<meta name=\"twitter:card\" content=\"summary_large_image\" \/>\n<meta name=\"twitter:label1\" content=\"Tiempo de lectura\" \/>\n\t<meta name=\"twitter:data1\" content=\"2 minutos\" \/>\n<script type=\"application\/ld+json\" class=\"yoast-schema-graph\">{\"@context\":\"https:\/\/schema.org\",\"@graph\":[{\"@type\":\"WebPage\",\"@id\":\"https:\/\/madafrica.es\/kaayuniversidad\/publicaciones\/\",\"url\":\"https:\/\/madafrica.es\/kaayuniversidad\/publicaciones\/\",\"name\":\"Publicaciones - Kaay Universidad\",\"isPartOf\":{\"@id\":\"https:\/\/madafrica.es\/kaayuniversidad\/#website\"},\"datePublished\":\"2019-06-19T11:53:38+00:00\",\"dateModified\":\"2020-05-25T13:38:53+00:00\",\"breadcrumb\":{\"@id\":\"https:\/\/madafrica.es\/kaayuniversidad\/publicaciones\/#breadcrumb\"},\"inLanguage\":\"es\",\"potentialAction\":[{\"@type\":\"ReadAction\",\"target\":[\"https:\/\/madafrica.es\/kaayuniversidad\/publicaciones\/\"]}]},{\"@type\":\"BreadcrumbList\",\"@id\":\"https:\/\/madafrica.es\/kaayuniversidad\/publicaciones\/#breadcrumb\",\"itemListElement\":[{\"@type\":\"ListItem\",\"position\":1,\"name\":\"Inicio\",\"item\":\"https:\/\/madafrica.es\/kaayuniversidad\/\"},{\"@type\":\"ListItem\",\"position\":2,\"name\":\"Publicaciones\"}]},{\"@type\":\"WebSite\",\"@id\":\"https:\/\/madafrica.es\/kaayuniversidad\/#website\",\"url\":\"https:\/\/madafrica.es\/kaayuniversidad\/\",\"name\":\"Kaay Universidad\",\"description\":\"Otro sitio m\u00e1s de MAD \u00c1frica\",\"potentialAction\":[{\"@type\":\"SearchAction\",\"target\":{\"@type\":\"EntryPoint\",\"urlTemplate\":\"https:\/\/madafrica.es\/kaayuniversidad\/?s={search_term_string}\"},\"query-input\":{\"@type\":\"PropertyValueSpecification\",\"valueRequired\":true,\"valueName\":\"search_term_string\"}}],\"inLanguage\":\"es\"}]}<\/script>\n<!-- \/ Yoast SEO plugin. -->","yoast_head_json":{"title":"Publicaciones - Kaay Universidad","robots":{"index":"index","follow":"follow","max-snippet":"max-snippet:-1","max-image-preview":"max-image-preview:large","max-video-preview":"max-video-preview:-1"},"canonical":"https:\/\/madafrica.es\/kaayuniversidad\/publicaciones\/","og_locale":"es_ES","og_type":"article","og_title":"Publicaciones - Kaay Universidad","og_description":"Uno de los objetivos del Proyecto Kaay Universidad es promover entre el alumnado universitario procesos de revalorizaci\u00f3n de la diversidad de saberes y conocimientos del norte y del sur a partir de redes de intercambio entre universidades y movimientos sociales africanos y andaluces. En este apartado se puede consultar todas las publicaciones propias elaboradas dentro [&hellip;]","og_url":"https:\/\/madafrica.es\/kaayuniversidad\/publicaciones\/","og_site_name":"Kaay Universidad","article_modified_time":"2020-05-25T13:38:53+00:00","twitter_card":"summary_large_image","twitter_misc":{"Tiempo de lectura":"2 minutos"},"schema":{"@context":"https:\/\/schema.org","@graph":[{"@type":"WebPage","@id":"https:\/\/madafrica.es\/kaayuniversidad\/publicaciones\/","url":"https:\/\/madafrica.es\/kaayuniversidad\/publicaciones\/","name":"Publicaciones - Kaay Universidad","isPartOf":{"@id":"https:\/\/madafrica.es\/kaayuniversidad\/#website"},"datePublished":"2019-06-19T11:53:38+00:00","dateModified":"2020-05-25T13:38:53+00:00","breadcrumb":{"@id":"https:\/\/madafrica.es\/kaayuniversidad\/publicaciones\/#breadcrumb"},"inLanguage":"es","potentialAction":[{"@type":"ReadAction","target":["https:\/\/madafrica.es\/kaayuniversidad\/publicaciones\/"]}]},{"@type":"BreadcrumbList","@id":"https:\/\/madafrica.es\/kaayuniversidad\/publicaciones\/#breadcrumb","itemListElement":[{"@type":"ListItem","position":1,"name":"Inicio","item":"https:\/\/madafrica.es\/kaayuniversidad\/"},{"@type":"ListItem","position":2,"name":"Publicaciones"}]},{"@type":"WebSite","@id":"https:\/\/madafrica.es\/kaayuniversidad\/#website","url":"https:\/\/madafrica.es\/kaayuniversidad\/","name":"Kaay Universidad","description":"Otro sitio m\u00e1s de MAD \u00c1frica","potentialAction":[{"@type":"SearchAction","target":{"@type":"EntryPoint","urlTemplate":"https:\/\/madafrica.es\/kaayuniversidad\/?s={search_term_string}"},"query-input":{"@type":"PropertyValueSpecification","valueRequired":true,"valueName":"search_term_string"}}],"inLanguage":"es"}]}},"featured_image_src":null,"featured_image_src_square":null,"_links":{"self":[{"href":"https:\/\/madafrica.es\/kaayuniversidad\/wp-json\/wp\/v2\/pages\/7098","targetHints":{"allow":["GET"]}}],"collection":[{"href":"https:\/\/madafrica.es\/kaayuniversidad\/wp-json\/wp\/v2\/pages"}],"about":[{"href":"https:\/\/madafrica.es\/kaayuniversidad\/wp-json\/wp\/v2\/types\/page"}],"author":[{"embeddable":true,"href":"https:\/\/madafrica.es\/kaayuniversidad\/wp-json\/wp\/v2\/users\/6"}],"replies":[{"embeddable":true,"href":"https:\/\/madafrica.es\/kaayuniversidad\/wp-json\/wp\/v2\/comments?post=7098"}],"version-history":[{"count":10,"href":"https:\/\/madafrica.es\/kaayuniversidad\/wp-json\/wp\/v2\/pages\/7098\/revisions"}],"predecessor-version":[{"id":7129,"href":"https:\/\/madafrica.es\/kaayuniversidad\/wp-json\/wp\/v2\/pages\/7098\/revisions\/7129"}],"wp:attachment":[{"href":"https:\/\/madafrica.es\/kaayuniversidad\/wp-json\/wp\/v2\/media?parent=7098"}],"curies":[{"name":"wp","href":"https:\/\/api.w.org\/{rel}","templated":true}]}}